{"id":2937,"date":"2024-01-29T12:28:02","date_gmt":"2024-01-29T11:28:02","guid":{"rendered":"https:\/\/www.cycles-blain.com\/\/fr\/?page_id=2937"},"modified":"2024-08-21T16:02:05","modified_gmt":"2024-08-21T14:02:05","slug":"reservation-formation-mecanique-velo-cycles-blain","status":"publish","type":"page","link":"https:\/\/www.cycles-blain.com\/fr\/reservation-formation-mecanique-velo-cycles-blain\/","title":{"rendered":"R\u00e9servation formation m\u00e9canique v\u00e9los autour de Lyon"},"content":{"rendered":"\t\t<div data-elementor-type=\"wp-page\" data-elementor-id=\"2937\" class=\"elementor elementor-2937\" data-elementor-post-type=\"page\">\n\t\t\t\t<div class=\"elementor-element elementor-element-d80778b e-flex e-con-boxed e-con e-parent\" data-id=\"d80778b\" data-element_type=\"container\" data-e-type=\"container\">\n\t\t\t\t\t<div class=\"e-con-inner\">\n\t\t\t\t<div class=\"elementor-element elementor-element-1489d17 elementor-widget elementor-widget-text-editor\" data-id=\"1489d17\" data-element_type=\"widget\" data-e-type=\"widget\" data-widget_type=\"text-editor.default\">\n\t\t\t\t<div class=\"elementor-widget-container\">\n\t\t\t\t\t\t\t\t\t<p>Bonjour, et bienvenue sur la page de r\u00e9servation de <b>cours de<\/b>\u00a0<b>formation m\u00e9canique v\u00e9lo<\/b>\u00a0pour les particuliers des ateliers CYCLES BLAIN \u00e0 Brignais (69530).<\/p><p><b>Le Cours dure <u>3h<\/u> en tout de 9h \u00e0 12h. (1h offerte).<br \/>Le jour du cours uniquement, les personnes <u>inscrites et pr\u00e9sentes \u00e0 la formation<\/u> b\u00e9n\u00e9ficient d&rsquo;une remise de 10 % valables sur les articles en stock au magasin de Brignais hors promotions en cours et services (atelier, \u00e9tudes posturales, location)<\/b><\/p><p>Merci de vous inscrire en choisissant une date de formation disponible ci-dessous :\u00a0<\/p>\t\t\t\t\t\t\t\t<\/div>\n\t\t\t\t<\/div>\n\t\t\t\t<div class=\"elementor-element elementor-element-e15008b elementor-widget elementor-widget-text-editor\" data-id=\"e15008b\" data-element_type=\"widget\" data-e-type=\"widget\" data-widget_type=\"text-editor.default\">\n\t\t\t\t<div class=\"elementor-widget-container\">\n\t\t\t\t\t\t\t\t\t<!--LES COURS DE FORMATION M\u00c9CANIQUE DEVRAIENT REPRENDRE EN SEPTEMBRE 2024.\nNOUS FAISONS TOUT NOTRE POSSIBLE POUR AJOUTER D'AUTRES DATES ET DES COURS DIFF\u00c9RENTS POUR DIFF\u00c9RENTS NIVEAUX.\n\nMERCI DE VOTRE PATIENCE.\nCONTINUEZ \u00c0 SUIVRE NOS\u00a0<a href=\"https:\/\/www.cycles-blain.com\/\/fr\/newsletter-cyclesblain-particuliers\/\">MAILS<\/a>\u00a0OU NOTRE\u00a0<a href=\"https:\/\/www.cycles-blain.com\/\/fr\/blog\/\" target=\"_blank\" rel=\"noopener\">BLOG<\/a>\u00a0POUR \u00caTRE INFORM\u00c9(E)S DES NOUVELLES DATES-->\t\t\t\t\t\t\t\t<\/div>\n\t\t\t\t<\/div>\n\t\t\t\t<div class=\"elementor-element elementor-element-6ac235b elementor-widget elementor-widget-html\" data-id=\"6ac235b\" data-element_type=\"widget\" data-e-type=\"widget\" data-widget_type=\"html.default\">\n\t\t\t\t<div class=\"elementor-widget-container\">\n\t\t\t\t\t<!-- D\u00e9but de widget en ligne Calendly -->\n<div class=\"calendly-inline-widget\" data-url=\"https:\/\/calendly.com\/cyclesblain\/formation-mecanique-velo-brignais?hide_gdpr_banner=1&primary_color=0079c2\" style=\"min-width:320px;height:700px;\"><\/div>\n<script type=\"text\/javascript\" src=\"https:\/\/assets.calendly.com\/assets\/external\/widget.js\" async><\/script>\n<!-- Fin de widget en ligne Calendly -->\t\t\t\t<\/div>\n\t\t\t\t<\/div>\n\t\t\t\t<div class=\"elementor-element elementor-element-32d0160 elementor-widget elementor-widget-text-editor\" data-id=\"32d0160\" data-element_type=\"widget\" data-e-type=\"widget\" data-widget_type=\"text-editor.default\">\n\t\t\t\t<div class=\"elementor-widget-container\">\n\t\t\t\t\t\t\t\t\t<p>*En remplissant le formulaire, j&rsquo;accepte que mes coordonn\u00e9es soient utilis\u00e9es par CYCLES BLAIN uniquement pour le traitement de ma r\u00e9servation et pour me contacter dans le cadre de cette formation.<\/p>\t\t\t\t\t\t\t\t<\/div>\n\t\t\t\t<\/div>\n\t\t\t\t<div class=\"elementor-element elementor-element-b240dc5 elementor-widget elementor-widget-heading\" data-id=\"b240dc5\" data-element_type=\"widget\" data-e-type=\"widget\" data-widget_type=\"heading.default\">\n\t\t\t\t<div class=\"elementor-widget-container\">\n\t\t\t\t\t<h3 class=\"elementor-heading-title elementor-size-large\">Comment s'inscrire \u00e0 la formation m\u00e9canique v\u00e9lo ?<\/h3>\t\t\t\t<\/div>\n\t\t\t\t<\/div>\n\t\t\t\t\t<\/div>\n\t\t\t\t<\/div>\n\t\t<div class=\"elementor-element elementor-element-344214b e-flex e-con-boxed e-con e-parent\" data-id=\"344214b\" data-element_type=\"container\" data-e-type=\"container\">\n\t\t\t\t\t<div class=\"e-con-inner\">\n\t\t\t\t<div class=\"elementor-element elementor-element-695f057 elementor-widget elementor-widget-text-editor\" data-id=\"695f057\" data-element_type=\"widget\" data-e-type=\"widget\" data-widget_type=\"text-editor.default\">\n\t\t\t\t<div class=\"elementor-widget-container\">\n\t\t\t\t\t\t\t\t\t<ol><li style=\"--tw-border-spacing-x: 0; --tw-border-spacing-y: 0; --tw-translate-x: 0; --tw-translate-y: 0; --tw-rotate: 0; --tw-skew-x: 0; --tw-skew-y: 0; --tw-scale-x: 1; --tw-scale-y: 1; --tw-scroll-snap-strictness: proximity; --tw-ring-offset-width: 0px; --tw-ring-offset-color: #fff; --tw-ring-color: rgb(59 130 246 \/ .5); --tw-ring-offset-shadow: 0 0 #0000; --tw-ring-shadow: 0 0 #0000; --tw-shadow: 0 0 #0000; --tw-shadow-colored: 0 0 #0000; font-size: 14px; font-style: normal; font-weight: 500;\">Je consulte le planning ci-dessus : nous ajouterons r\u00e9guli\u00e8rement de nouvelles dates,<\/li><li style=\"--tw-border-spacing-x: 0; --tw-border-spacing-y: 0; --tw-translate-x: 0; --tw-translate-y: 0; --tw-rotate: 0; --tw-skew-x: 0; --tw-skew-y: 0; --tw-scale-x: 1; --tw-scale-y: 1; --tw-scroll-snap-strictness: proximity; --tw-ring-offset-width: 0px; --tw-ring-offset-color: #fff; --tw-ring-color: rgb(59 130 246 \/ .5); --tw-ring-offset-shadow: 0 0 #0000; --tw-ring-shadow: 0 0 #0000; --tw-shadow: 0 0 #0000; --tw-shadow-colored: 0 0 #0000; font-size: 14px; font-style: normal; font-weight: 500;\">Je choisis une date disponible : 10 places par date maximum :\u00a0<u style=\"--tw-border-spacing-x: 0; --tw-border-spacing-y: 0; --tw-translate-x: 0; --tw-translate-y: 0; --tw-rotate: 0; --tw-skew-x: 0; --tw-skew-y: 0; --tw-scale-x: 1; --tw-scale-y: 1; --tw-scroll-snap-strictness: proximity; --tw-ring-offset-width: 0px; --tw-ring-offset-color: #fff; --tw-ring-color: rgb(59 130 246 \/ .5); --tw-ring-offset-shadow: 0 0 #0000; --tw-ring-shadow: 0 0 #0000; --tw-shadow: 0 0 #0000; --tw-shadow-colored: 0 0 #0000;\">1 r\u00e9servation par personne<\/u><\/li><li style=\"--tw-border-spacing-x: 0; --tw-border-spacing-y: 0; --tw-translate-x: 0; --tw-translate-y: 0; --tw-rotate: 0; --tw-skew-x: 0; --tw-skew-y: 0; --tw-scale-x: 1; --tw-scale-y: 1; --tw-scroll-snap-strictness: proximity; --tw-ring-offset-width: 0px; --tw-ring-offset-color: #fff; --tw-ring-color: rgb(59 130 246 \/ .5); --tw-ring-offset-shadow: 0 0 #0000; --tw-ring-shadow: 0 0 #0000; --tw-shadow: 0 0 #0000; --tw-shadow-colored: 0 0 #0000; font-size: 14px; font-style: normal; font-weight: 500;\">Je remplis le formulaire avec mes coordonn\u00e9es pour me joindre*<\/li><li style=\"--tw-border-spacing-x: 0; --tw-border-spacing-y: 0; --tw-translate-x: 0; --tw-translate-y: 0; --tw-rotate: 0; --tw-skew-x: 0; --tw-skew-y: 0; --tw-scale-x: 1; --tw-scale-y: 1; --tw-scroll-snap-strictness: proximity; --tw-ring-offset-width: 0px; --tw-ring-offset-color: #fff; --tw-ring-color: rgb(59 130 246 \/ .5); --tw-ring-offset-shadow: 0 0 #0000; --tw-ring-shadow: 0 0 #0000; --tw-shadow: 0 0 #0000; --tw-shadow-colored: 0 0 #0000; font-size: 14px; font-style: normal; font-weight: 500;\">Je paye en ligne 60 \u20ac T.T.C (par CB Uniquement) : Aucun frais suppl\u00e9mentaire \u00e0 pr\u00e9voir pour la formation<\/li><li style=\"--tw-border-spacing-x: 0; --tw-border-spacing-y: 0; --tw-translate-x: 0; --tw-translate-y: 0; --tw-rotate: 0; --tw-skew-x: 0; --tw-skew-y: 0; --tw-scale-x: 1; --tw-scale-y: 1; --tw-scroll-snap-strictness: proximity; --tw-ring-offset-width: 0px; --tw-ring-offset-color: #fff; --tw-ring-color: rgb(59 130 246 \/ .5); --tw-ring-offset-shadow: 0 0 #0000; --tw-ring-shadow: 0 0 #0000; --tw-shadow: 0 0 #0000; --tw-shadow-colored: 0 0 #0000; font-size: 14px; font-style: normal; font-weight: 500;\"><p style=\"--tw-border-spacing-x: 0; --tw-border-spacing-y: 0; --tw-translate-x: 0; --tw-translate-y: 0; --tw-rotate: 0; --tw-skew-x: 0; --tw-skew-y: 0; --tw-scale-x: 1; --tw-scale-y: 1; --tw-scroll-snap-strictness: proximity; --tw-ring-offset-width: 0px; --tw-ring-offset-color: #fff; --tw-ring-color: rgb(59 130 246 \/ .5); --tw-ring-offset-shadow: 0 0 #0000; --tw-ring-shadow: 0 0 #0000; --tw-shadow: 0 0 #0000; --tw-shadow-colored: 0 0 #0000; font-size: 14px;\">Vous recevrez un mail de confirmation ainsi qu&rsquo;un mail de rappel 48h avant la date de la formation m\u00e9canique<\/p><\/li><\/ol>\t\t\t\t\t\t\t\t<\/div>\n\t\t\t\t<\/div>\n\t\t\t\t<div class=\"elementor-element elementor-element-963e269 elementor-widget elementor-widget-heading\" data-id=\"963e269\" data-element_type=\"widget\" data-e-type=\"widget\" data-widget_type=\"heading.default\">\n\t\t\t\t<div class=\"elementor-widget-container\">\n\t\t\t\t\t<h3 class=\"elementor-heading-title elementor-size-large\">Questions fr\u00e9quentes sur la formation m\u00e9canique v\u00e9lo des Cycles Blain<\/h3>\t\t\t\t<\/div>\n\t\t\t\t<\/div>\n\t\t\t\t\t<\/div>\n\t\t\t\t<\/div>\n\t\t<div class=\"elementor-element elementor-element-64c53fb e-flex e-con-boxed e-con e-parent\" data-id=\"64c53fb\" data-element_type=\"container\" data-e-type=\"container\">\n\t\t\t\t\t<div class=\"e-con-inner\">\n\t\t\t\t<div class=\"elementor-element elementor-element-b9d2c3c elementor-widget elementor-widget-text-editor\" data-id=\"b9d2c3c\" data-element_type=\"widget\" data-e-type=\"widget\" data-widget_type=\"text-editor.default\">\n\t\t\t\t<div class=\"elementor-widget-container\">\n\t\t\t\t\t\t\t\t\t<ul>\n<li><b>Faut-il amener son v\u00e9lo \u00e0 la formation ?<\/b> : Non, il ne faut pas amener son v\u00e9lo pour assister \u00e0 la formation : <br>Le formateur explique et montre comment faire sur un v\u00e9lo du magasin.<\/li>\n<li><b>Peut-on venir \u00e0 plusieurs personnes ?<\/b><br>Oui, mais il faut r\u00e9server 1 place par personne (sous r\u00e9serve de disponibilit\u00e9 des places)<\/li>\n<li><b>La formation m\u00e9canique est-elle a adapt\u00e9e \u00e0 un enfant ?<\/b><br>Oui, \u00e0 partir de 13 ans et accompagn\u00e9 d&rsquo;un adulte, avec une place r\u00e9serv\u00e9e et pay\u00e9e par personne (adulte et enfant)<\/li>\n<li><b>Peut-on pratiquer la m\u00e9canique pendant la formation ? <\/b>Non, pour des raisons de s\u00e9curit\u00e9. <br>Le formateur montre doucement et clairement comment faire chaque \u00e9tape, et r\u00e9pondra \u00e0 toutes les questions&#8230;<br>(sur la m\u00e9canique v\u00e9lo au moins&#8230;) \ud83d\ude09<\/li>\n<li><b>Peut-on annuler la formation ? <\/b>Oui, 48h au plus tard avant la date de formation, par e-mail, t\u00e9l\u00e9phone ou au magasin de Brignais : <br>Une nouvelle date vous sera propos\u00e9e, ou un bon d&rsquo;achat de la m\u00eame valeur vous sera remis en \u00e9change.<\/li>\n<li><b>O\u00f9 est situ\u00e9 le magasin et l&rsquo;atelier de Brignais ? <\/b>L&rsquo;atelier est situ\u00e9 dans le magasin de Brignais, vous trouverez les coordonn\u00e9es du&nbsp;<a href=\"https:\/\/www.cycles-blain.com\/\/pages\/17\/magasin-brignais\" target=\"_blank\" rel=\"noopener\">magasin de Brignais ici&nbsp;<\/a>et dans le mail de confirmation.<\/li>\n<\/ul>\t\t\t\t\t\t\t\t<\/div>\n\t\t\t\t<\/div>\n\t\t\t\t\t<\/div>\n\t\t\t\t<\/div>\n\t\t<div class=\"elementor-element elementor-element-493ac9b e-flex e-con-boxed e-con e-parent\" data-id=\"493ac9b\" data-element_type=\"container\" data-e-type=\"container\">\n\t\t\t\t\t<div class=\"e-con-inner\">\n\t\t\t\t\t<\/div>\n\t\t\t\t<\/div>\n\t\t\t\t<\/div>\n\t\t","protected":false},"excerpt":{"rendered":"<p>Bonjour, et bienvenue sur la page de r\u00e9servation de cours de\u00a0formation m\u00e9canique v\u00e9lo\u00a0pour les particuliers des ateliers CYCLES BLAIN \u00e0 Brignais (69530). Le Cours dure 3h en tout de 9h \u00e0 12h. (1h offerte).Le jour du cours uniquement, les personnes inscrites et pr\u00e9sentes \u00e0 la formation b\u00e9n\u00e9ficient d&rsquo;une remise de 10 % valables sur les [&hellip;]<\/p>\n","protected":false},"author":1,"featured_media":0,"parent":0,"menu_order":0,"comment_status":"open","ping_status":"closed","template":"","meta":{"site-sidebar-layout":"no-sidebar","site-content-layout":"page-builder","ast-site-content-layout":"full-width-container","site-content-style":"default","site-sidebar-style":"default","ast-global-header-display":"","ast-banner-title-visibility":"","ast-main-header-display":"","ast-hfb-above-header-display":"","ast-hfb-below-header-display":"","ast-hfb-mobile-header-display":"","site-post-title":"disabled","ast-breadcrumbs-content":"","ast-featured-img":"disabled","footer-sml-layout":"","theme-transparent-header-meta":"","adv-header-id-meta":"","stick-header-meta":"","header-above-stick-meta":"","header-main-stick-meta":"","header-below-stick-meta":"","astra-migrate-meta-layouts":"set","ast-page-background-enabled":"default","ast-page-background-meta":{"desktop":{"background-color":"","background-image":"","background-repeat":"repeat","background-position":"center center","background-size":"auto","background-attachment":"scroll","background-type":"","background-media":"","overlay-type":"","overlay-color":"","overlay-gradient":""},"tablet":{"background-color":"","background-image":"","background-repeat":"repeat","background-position":"center center","background-size":"auto","background-attachment":"scroll","background-type":"","background-media":"","overlay-type":"","overlay-color":"","overlay-gradient":""},"mobile":{"background-color":"","background-image":"","background-repeat":"repeat","background-position":"center center","background-size":"auto","background-attachment":"scroll","background-type":"","background-media":"","overlay-type":"","overlay-color":"","overlay-gradient":""}},"ast-content-background-meta":{"desktop":{"background-color":"var(--ast-global-color-5)","background-image":"","background-repeat":"repeat","background-position":"center center","background-size":"auto","background-attachment":"scroll","background-type":"","background-media":"","overlay-type":"","overlay-color":"","overlay-gradient":""},"tablet":{"background-color":"var(--ast-global-color-5)","background-image":"","background-repeat":"repeat","background-position":"center center","background-size":"auto","background-attachment":"scroll","background-type":"","background-media":"","overlay-type":"","overlay-color":"","overlay-gradient":""},"mobile":{"background-color":"var(--ast-global-color-5)","background-image":"","background-repeat":"repeat","background-position":"center center","background-size":"auto","background-attachment":"scroll","background-type":"","background-media":"","overlay-type":"","overlay-color":"","overlay-gradient":""}},"footnotes":""},"class_list":["post-2937","page","type-page","status-publish","hentry"],"yoast_head":"<!-- This site is optimized with the Yoast SEO plugin v27.4 - https:\/\/yoast.com\/product\/yoast-seo-wordpress\/ -->\n<title>R\u00e9servation formation m\u00e9canique v\u00e9los autour de Lyon - CYCLES BLAIN<\/title>\n<meta name=\"description\" content=\"Les ateliers de r\u00e9paration v\u00e9los toutes marques de CYCLES BLAIN autour de Lyon et Vienne vous propose une formation m\u00e9canique v\u00e9lo \u00e0 Brignais\" \/>\n<meta name=\"robots\" content=\"index, follow, max-snippet:-1, max-image-preview:large, max-video-preview:-1\" \/>\n<link rel=\"canonical\" href=\"https:\/\/www.cycles-blain.com\/fr\/reservation-formation-mecanique-velo-cycles-blain\/\" \/>\n<meta property=\"og:locale\" content=\"fr_FR\" \/>\n<meta property=\"og:type\" content=\"article\" \/>\n<meta property=\"og:title\" content=\"R\u00e9servation formation m\u00e9canique v\u00e9los autour de Lyon - CYCLES BLAIN\" \/>\n<meta property=\"og:description\" content=\"Les ateliers de r\u00e9paration v\u00e9los toutes marques de CYCLES BLAIN autour de Lyon et Vienne vous propose une formation m\u00e9canique v\u00e9lo \u00e0 Brignais\" \/>\n<meta property=\"og:url\" content=\"https:\/\/www.cycles-blain.com\/fr\/reservation-formation-mecanique-velo-cycles-blain\/\" \/>\n<meta property=\"og:site_name\" content=\"CyclesBlain - Magasins de v\u00e9los, accessoires et ateliers\" \/>\n<meta property=\"article:publisher\" content=\"https:\/\/www.facebook.com\/cyclesblain\/?locale=fr_FR\" \/>\n<meta property=\"article:modified_time\" content=\"2024-08-21T14:02:05+00:00\" \/>\n<meta name=\"twitter:card\" content=\"summary_large_image\" \/>\n<meta name=\"twitter:label1\" content=\"Dur\u00e9e de lecture estim\u00e9e\" \/>\n\t<meta name=\"twitter:data1\" content=\"3 minutes\" \/>\n<script type=\"application\/ld+json\" class=\"yoast-schema-graph\">{\"@context\":\"https:\\\/\\\/schema.org\",\"@graph\":[{\"@type\":\"WebPage\",\"@id\":\"https:\\\/\\\/www.cycles-blain.com\\\/fr\\\/reservation-formation-mecanique-velo-cycles-blain\\\/\",\"url\":\"https:\\\/\\\/www.cycles-blain.com\\\/fr\\\/reservation-formation-mecanique-velo-cycles-blain\\\/\",\"name\":\"R\u00e9servation formation m\u00e9canique v\u00e9los autour de Lyon - CYCLES BLAIN\",\"isPartOf\":{\"@id\":\"https:\\\/\\\/www.cycles-blain.com\\\/fr\\\/#website\"},\"datePublished\":\"2024-01-29T11:28:02+00:00\",\"dateModified\":\"2024-08-21T14:02:05+00:00\",\"description\":\"Les ateliers de r\u00e9paration v\u00e9los toutes marques de CYCLES BLAIN autour de Lyon et Vienne vous propose une formation m\u00e9canique v\u00e9lo \u00e0 Brignais\",\"breadcrumb\":{\"@id\":\"https:\\\/\\\/www.cycles-blain.com\\\/fr\\\/reservation-formation-mecanique-velo-cycles-blain\\\/#breadcrumb\"},\"inLanguage\":\"fr-FR\",\"potentialAction\":[{\"@type\":\"ReadAction\",\"target\":[\"https:\\\/\\\/www.cycles-blain.com\\\/fr\\\/reservation-formation-mecanique-velo-cycles-blain\\\/\"]}]},{\"@type\":\"BreadcrumbList\",\"@id\":\"https:\\\/\\\/www.cycles-blain.com\\\/fr\\\/reservation-formation-mecanique-velo-cycles-blain\\\/#breadcrumb\",\"itemListElement\":[{\"@type\":\"ListItem\",\"position\":1,\"name\":\"Accueil\",\"item\":\"https:\\\/\\\/www.cycles-blain.com\\\/fr\\\/\"},{\"@type\":\"ListItem\",\"position\":2,\"name\":\"R\u00e9servation formation m\u00e9canique v\u00e9los autour de Lyon\"}]},{\"@type\":\"WebSite\",\"@id\":\"https:\\\/\\\/www.cycles-blain.com\\\/fr\\\/#website\",\"url\":\"https:\\\/\\\/www.cycles-blain.com\\\/fr\\\/\",\"name\":\"CyclesBlain - Magasins de v\u00e9los, accessoires et ateliers\",\"description\":\"Blog Cycles Blain\",\"publisher\":{\"@id\":\"https:\\\/\\\/www.cycles-blain.com\\\/fr\\\/#organization\"},\"potentialAction\":[{\"@type\":\"SearchAction\",\"target\":{\"@type\":\"EntryPoint\",\"urlTemplate\":\"https:\\\/\\\/www.cycles-blain.com\\\/fr\\\/?s={search_term_string}\"},\"query-input\":{\"@type\":\"PropertyValueSpecification\",\"valueRequired\":true,\"valueName\":\"search_term_string\"}}],\"inLanguage\":\"fr-FR\"},{\"@type\":\"Organization\",\"@id\":\"https:\\\/\\\/www.cycles-blain.com\\\/fr\\\/#organization\",\"name\":\"CyclesBlain - Magasins de v\u00e9los, accessoires et ateliers\",\"url\":\"https:\\\/\\\/www.cycles-blain.com\\\/fr\\\/\",\"logo\":{\"@type\":\"ImageObject\",\"inLanguage\":\"fr-FR\",\"@id\":\"https:\\\/\\\/www.cycles-blain.com\\\/fr\\\/#\\\/schema\\\/logo\\\/image\\\/\",\"url\":\"https:\\\/\\\/www.cycles-blain.com\\\/fr\\\/wp-content\\\/uploads\\\/2023\\\/10\\\/logo-cycles-blain.jpeg\",\"contentUrl\":\"https:\\\/\\\/www.cycles-blain.com\\\/fr\\\/wp-content\\\/uploads\\\/2023\\\/10\\\/logo-cycles-blain.jpeg\",\"width\":264,\"height\":191,\"caption\":\"CyclesBlain - Magasins de v\u00e9los, accessoires et ateliers\"},\"image\":{\"@id\":\"https:\\\/\\\/www.cycles-blain.com\\\/fr\\\/#\\\/schema\\\/logo\\\/image\\\/\"},\"sameAs\":[\"https:\\\/\\\/www.facebook.com\\\/cyclesblain\\\/?locale=fr_FR\",\"https:\\\/\\\/www.instagram.com\\\/cycles_blain\\\/?hl=fr\"]}]}<\/script>\n<!-- \/ Yoast SEO plugin. -->","yoast_head_json":{"title":"R\u00e9servation formation m\u00e9canique v\u00e9los autour de Lyon - CYCLES BLAIN","description":"Les ateliers de r\u00e9paration v\u00e9los toutes marques de CYCLES BLAIN autour de Lyon et Vienne vous propose une formation m\u00e9canique v\u00e9lo \u00e0 Brignais","robots":{"index":"index","follow":"follow","max-snippet":"max-snippet:-1","max-image-preview":"max-image-preview:large","max-video-preview":"max-video-preview:-1"},"canonical":"https:\/\/www.cycles-blain.com\/fr\/reservation-formation-mecanique-velo-cycles-blain\/","og_locale":"fr_FR","og_type":"article","og_title":"R\u00e9servation formation m\u00e9canique v\u00e9los autour de Lyon - CYCLES BLAIN","og_description":"Les ateliers de r\u00e9paration v\u00e9los toutes marques de CYCLES BLAIN autour de Lyon et Vienne vous propose une formation m\u00e9canique v\u00e9lo \u00e0 Brignais","og_url":"https:\/\/www.cycles-blain.com\/fr\/reservation-formation-mecanique-velo-cycles-blain\/","og_site_name":"CyclesBlain - Magasins de v\u00e9los, accessoires et ateliers","article_publisher":"https:\/\/www.facebook.com\/cyclesblain\/?locale=fr_FR","article_modified_time":"2024-08-21T14:02:05+00:00","twitter_card":"summary_large_image","twitter_misc":{"Dur\u00e9e de lecture estim\u00e9e":"3 minutes"},"schema":{"@context":"https:\/\/schema.org","@graph":[{"@type":"WebPage","@id":"https:\/\/www.cycles-blain.com\/fr\/reservation-formation-mecanique-velo-cycles-blain\/","url":"https:\/\/www.cycles-blain.com\/fr\/reservation-formation-mecanique-velo-cycles-blain\/","name":"R\u00e9servation formation m\u00e9canique v\u00e9los autour de Lyon - CYCLES BLAIN","isPartOf":{"@id":"https:\/\/www.cycles-blain.com\/fr\/#website"},"datePublished":"2024-01-29T11:28:02+00:00","dateModified":"2024-08-21T14:02:05+00:00","description":"Les ateliers de r\u00e9paration v\u00e9los toutes marques de CYCLES BLAIN autour de Lyon et Vienne vous propose une formation m\u00e9canique v\u00e9lo \u00e0 Brignais","breadcrumb":{"@id":"https:\/\/www.cycles-blain.com\/fr\/reservation-formation-mecanique-velo-cycles-blain\/#breadcrumb"},"inLanguage":"fr-FR","potentialAction":[{"@type":"ReadAction","target":["https:\/\/www.cycles-blain.com\/fr\/reservation-formation-mecanique-velo-cycles-blain\/"]}]},{"@type":"BreadcrumbList","@id":"https:\/\/www.cycles-blain.com\/fr\/reservation-formation-mecanique-velo-cycles-blain\/#breadcrumb","itemListElement":[{"@type":"ListItem","position":1,"name":"Accueil","item":"https:\/\/www.cycles-blain.com\/fr\/"},{"@type":"ListItem","position":2,"name":"R\u00e9servation formation m\u00e9canique v\u00e9los autour de Lyon"}]},{"@type":"WebSite","@id":"https:\/\/www.cycles-blain.com\/fr\/#website","url":"https:\/\/www.cycles-blain.com\/fr\/","name":"CyclesBlain - Magasins de v\u00e9los, accessoires et ateliers","description":"Blog Cycles Blain","publisher":{"@id":"https:\/\/www.cycles-blain.com\/fr\/#organization"},"potentialAction":[{"@type":"SearchAction","target":{"@type":"EntryPoint","urlTemplate":"https:\/\/www.cycles-blain.com\/fr\/?s={search_term_string}"},"query-input":{"@type":"PropertyValueSpecification","valueRequired":true,"valueName":"search_term_string"}}],"inLanguage":"fr-FR"},{"@type":"Organization","@id":"https:\/\/www.cycles-blain.com\/fr\/#organization","name":"CyclesBlain - Magasins de v\u00e9los, accessoires et ateliers","url":"https:\/\/www.cycles-blain.com\/fr\/","logo":{"@type":"ImageObject","inLanguage":"fr-FR","@id":"https:\/\/www.cycles-blain.com\/fr\/#\/schema\/logo\/image\/","url":"https:\/\/www.cycles-blain.com\/fr\/wp-content\/uploads\/2023\/10\/logo-cycles-blain.jpeg","contentUrl":"https:\/\/www.cycles-blain.com\/fr\/wp-content\/uploads\/2023\/10\/logo-cycles-blain.jpeg","width":264,"height":191,"caption":"CyclesBlain - Magasins de v\u00e9los, accessoires et ateliers"},"image":{"@id":"https:\/\/www.cycles-blain.com\/fr\/#\/schema\/logo\/image\/"},"sameAs":["https:\/\/www.facebook.com\/cyclesblain\/?locale=fr_FR","https:\/\/www.instagram.com\/cycles_blain\/?hl=fr"]}]}},"_links":{"self":[{"href":"https:\/\/www.cycles-blain.com\/fr\/wp-json\/wp\/v2\/pages\/2937","targetHints":{"allow":["GET"]}}],"collection":[{"href":"https:\/\/www.cycles-blain.com\/fr\/wp-json\/wp\/v2\/pages"}],"about":[{"href":"https:\/\/www.cycles-blain.com\/fr\/wp-json\/wp\/v2\/types\/page"}],"author":[{"embeddable":true,"href":"https:\/\/www.cycles-blain.com\/fr\/wp-json\/wp\/v2\/users\/1"}],"replies":[{"embeddable":true,"href":"https:\/\/www.cycles-blain.com\/fr\/wp-json\/wp\/v2\/comments?post=2937"}],"version-history":[{"count":74,"href":"https:\/\/www.cycles-blain.com\/fr\/wp-json\/wp\/v2\/pages\/2937\/revisions"}],"predecessor-version":[{"id":7474,"href":"https:\/\/www.cycles-blain.com\/fr\/wp-json\/wp\/v2\/pages\/2937\/revisions\/7474"}],"wp:attachment":[{"href":"https:\/\/www.cycles-blain.com\/fr\/wp-json\/wp\/v2\/media?parent=2937"}],"curies":[{"name":"wp","href":"https:\/\/api.w.org\/{rel}","templated":true}]}}